{"id":1890,"date":"2023-11-21T00:53:33","date_gmt":"2023-11-21T00:53:33","guid":{"rendered":"https:\/\/uecoe.es\/?page_id=1890"},"modified":"2024-04-05T09:56:42","modified_gmt":"2024-04-05T09:56:42","slug":"murcia","status":"publish","type":"page","link":"https:\/\/uecoe.es\/en\/asociados\/murcia\/","title":{"rendered":"murcia"},"content":{"rendered":"<div data-elementor-type=\"wp-page\" data-elementor-id=\"1890\" class=\"elementor elementor-1890\" data-elementor-post-type=\"page\">\n\t\t\t\t\t\t<section class=\"elementor-section elementor-top-section elementor-element elementor-element-86f4e89 elementor-section-boxed elementor-section-height-default elementor-section-height-default\" data-id=\"86f4e89\" data-element_type=\"section\" data-e-type=\"section\">\n\t\t\t\t\t\t<div class=\"elementor-container elementor-column-gap-default\">\n\t\t\t\t\t<div class=\"elementor-column elementor-col-100 elementor-top-column elementor-element elementor-element-2f49fe9\" data-id=\"2f49fe9\" data-element_type=\"column\" data-e-type=\"column\">\n\t\t\t<div class=\"elementor-widget-wrap elementor-element-populated\">\n\t\t\t\t\t\t<section class=\"elementor-section elementor-inner-section elementor-element elementor-element-0f9d154 elementor-section-boxed elementor-section-height-default elementor-section-height-default\" data-id=\"0f9d154\" data-element_type=\"section\" data-e-type=\"section\">\n\t\t\t\t\t\t<div class=\"elementor-container elementor-column-gap-default\">\n\t\t\t\t\t<div class=\"elementor-column elementor-col-50 elementor-inner-column elementor-element elementor-element-d8bd0ff\" data-id=\"d8bd0ff\" data-element_type=\"column\" data-e-type=\"column\">\n\t\t\t<div class=\"elementor-widget-wrap elementor-element-populated\">\n\t\t\t\t\t\t<div class=\"elementor-element elementor-element-1fe0b59 elementor-widget__width-inherit elementor-widget elementor-widget-shortcode\" data-id=\"1fe0b59\" data-element_type=\"widget\" data-e-type=\"widget\" data-widget_type=\"shortcode.default\">\n\t\t\t\t<div class=\"elementor-widget-container\">\n\t\t\t\t\t\t\t<div class=\"elementor-shortcode\"><div class=\"map_wrapper\" id=\"map_wrapper_1770\">\n<div class=\"map_box\" style=\"max-width:1600px\">\n<div class=\"map_aspect_ratio\" style=\"padding-top:90%\" data-padding-top=\"90%\" data-padding-top-mobile=\"0%\">\n<div class=\"map_container\">\n<div class=\"map_render map_loading\" id=\"map_1770\"><\/div>\n<\/div>\n<\/div>\n<\/div>\n<\/div><\/div>\n\t\t\t\t\t\t<\/div>\n\t\t\t\t<\/div>\n\t\t\t\t\t<\/div>\n\t\t<\/div>\n\t\t\t\t<div class=\"elementor-column elementor-col-50 elementor-inner-column elementor-element elementor-element-158c4da\" data-id=\"158c4da\" data-element_type=\"column\" data-e-type=\"column\">\n\t\t\t<div class=\"elementor-widget-wrap elementor-element-populated\">\n\t\t\t\t\t\t<div class=\"elementor-element elementor-element-c73f259 elementor-widget elementor-widget-text-editor\" data-id=\"c73f259\" data-element_type=\"widget\" data-e-type=\"widget\" data-widget_type=\"text-editor.default\">\n\t\t\t\t<div class=\"elementor-widget-container\">\n\t\t\t\t\t\t\t\t\t<h3><strong>Uni\u00f3n de Cooperativas de Ense\u00f1anza de la Regi\u00f3n de Murcia (UCOERM)<\/strong><\/h3><p><strong><a class=\"dt-single-image\" href=\"http:\/\/uecoe.es\/wp-content\/uploads\/2016\/04\/murcia.jpg\" data-dt-img-description=\"\"><img decoding=\"async\" class=\"aligncenter wp-image-329 size-medium\" src=\"http:\/\/uecoe.es\/wp-content\/uploads\/2016\/04\/murcia-300x135.jpg\" alt=\"murcia\" width=\"300\" height=\"135\" \/><\/a><\/strong><\/p><p><strong>Direcci\u00f3n de la organizaci\u00f3n\u00a0 \u00a0 \u00a0 \u00a0 \u00a0 \u00a0 \u00a0 \u00a0 \u00a0 \u00a0 \u00a0 \u00a0 \u00a0 \u00a0 \u00a0 \u00a0 \u00a0 \u00a0 \u00a0 \u00a0 \u00a0 \u00a0 \u00a0 \u00a0 \u00a0 \u00a0 \u00a0 \u00a0 \u00a0 \u00a0 \u00a0 \u00a0 \u00a0 \u00a0 \u00a0 \u00a0 \u00a0 \u00a0 \u00a0 <\/strong>C\/ Nueva San Ant\u00f3n, 39 &#8211;\u00a0 bajo\u00a0 \u00a0 \u00a0 \u00a0 \u00a0 \u00a0 \u00a0 \u00a0 \u00a0 \u00a0 \u00a0 \u00a0 \u00a0 \u00a0 \u00a0 \u00a0 \u00a0 \u00a0 \u00a0 \u00a0 \u00a0 \u00a0 \u00a0 \u00a0 \u00a0 \u00a0 \u00a0 \u00a0 \u00a0 \u00a0 \u00a0 \u00a0 \u00a0 \u00a0 \u00a0 30009 &#8211; Murcia<\/p><p><strong>Tel\u00e9fono:<\/strong> 968275200\u00a0<\/p><p><strong>E-Mail <\/strong>: <a href=\"mailto:ucomur@ucomur.org%20\">ucoerm@ucoerm.es<\/a><\/p><p><strong>Web:<\/strong> <a href=\"http:\/\/www.ucoerm.es\/\">http:\/\/www.ucoerm.es\/<\/a><\/p><p><strong>Persona de contacto\/Consejero: <\/strong>Ra\u00fal Blaya Cayuela<\/p><p><strong>Misi\u00f3n<\/strong><\/p><ul><li>Representar y defender los intereses de las Cooperativas de Ense\u00f1anza de Murcia.<\/li><li>Promocionar y fomentar la creaci\u00f3n de cooperativas de ense\u00f1anza y difundir el esp\u00edritu y filosof\u00eda cooperativa al resto de la comunidad educativa.<\/li><\/ul><p><strong>\u00a0<\/strong><strong>Servicios que se ofertan<\/strong><\/p><ul><li>Informaci\u00f3n general de temas educativos y laborales.<\/li><li>Representaci\u00f3n ante las Administraci\u00f3n de Trabajo y Educativa.<\/li><li>Formaci\u00f3n del Profesorado: Organizaci\u00f3n de cursos, jornadas y seminarios.<\/li><li>Coordinaci\u00f3n de acciones intercooperativas entre sus asociados.<\/li><\/ul><p><strong>Tipo de centros que la componen\u00a0 \u00a0 \u00a0 \u00a0 \u00a0 \u00a0 \u00a0 \u00a0 \u00a0 \u00a0 \u00a0 \u00a0 \u00a0 \u00a0 \u00a0 \u00a0 \u00a0 \u00a0 \u00a0 \u00a0 \u00a0 \u00a0 \u00a0 \u00a0 \u00a0 <\/strong>Cooperativas de trabajo Asociado de Ense\u00f1anza que imparten Educaci\u00f3n Infantil, Educaci\u00f3n Primaria, Educaci\u00f3n Secundaria Obligatoria, Bachilleres, Formaci\u00f3n Profesional y ofertan actividades complementarias y extraescolares.<\/p><p><strong>Datos de inter\u00e9s\u00a0 \u00a0 \u00a0 \u00a0 \u00a0 \u00a0 \u00a0 \u00a0 \u00a0 \u00a0 \u00a0 \u00a0 \u00a0 \u00a0 \u00a0 \u00a0 \u00a0 \u00a0 \u00a0 \u00a0 \u00a0 \u00a0 \u00a0 \u00a0 \u00a0 \u00a0 \u00a0 \u00a0 \u00a0 \u00a0 \u00a0 \u00a0 \u00a0 \u00a0 \u00a0 \u00a0 \u00a0 \u00a0 \u00a0 \u00a0 \u00a0 \u00a0 \u00a0 \u00a0 \u00a0 \u00a0 \u00a0 \u00a0 \u00a0 \u00a0 <\/strong>La Uni\u00f3n de Cooperativas de Ense\u00f1anza de la Regi\u00f3n de Murcia pertenece a la UECoE desde su constituci\u00f3n.<\/p><p>Su participaci\u00f3n y colaboraci\u00f3n en la organizaci\u00f3n de actividades desarrolladas por la UECoE es importante, ya dentro de su Plan de Formaci\u00f3n del Profesorado, ya en la celebraci\u00f3n del VI Congreso de UECoE, y del XIV, en la celebraci\u00f3n de seminarios informativos y jornadas, as\u00ed \u00abLas Cooperativas de Ense\u00f1anza, una alternativa de empleo\u00bb, \u201dFormaci\u00f3n Profesional: dise\u00f1ando el Futuro\u201d, entre otros.<\/p>\t\t\t\t\t\t\t\t<\/div>\n\t\t\t\t<\/div>\n\t\t\t\t\t<\/div>\n\t\t<\/div>\n\t\t\t\t\t<\/div>\n\t\t<\/section>\n\t\t\t\t\t<\/div>\n\t\t<\/div>\n\t\t\t\t\t<\/div>\n\t\t<\/section>\n\t\t\t\t<\/div>","protected":false},"excerpt":{"rendered":"<p>Uni\u00f3n de Cooperativas de Ense\u00f1anza de la Regi\u00f3n de Murcia (UCOERM) Direcci\u00f3n de la organizaci\u00f3n\u00a0 \u00a0 \u00a0 \u00a0 \u00a0 \u00a0 \u00a0 \u00a0 \u00a0 \u00a0 \u00a0 \u00a0 \u00a0 \u00a0 \u00a0 \u00a0 \u00a0 \u00a0 \u00a0 \u00a0 \u00a0 \u00a0 \u00a0 \u00a0 \u00a0 \u00a0 \u00a0 \u00a0 \u00a0 \u00a0 \u00a0 \u00a0 \u00a0 \u00a0 \u00a0 \u00a0 \u00a0 \u00a0 \u00a0 C\/ Nueva &#8230; <a title=\"murcia\" class=\"read-more\" href=\"https:\/\/uecoe.es\/en\/asociados\/murcia\/\" aria-label=\"Read more about murcia\">Read more<\/a><\/p>","protected":false},"author":6,"featured_media":0,"parent":1479,"menu_order":0,"comment_status":"closed","ping_status":"closed","template":"","meta":{"footnotes":""},"class_list":["post-1890","page","type-page","status-publish"],"_links":{"self":[{"href":"https:\/\/uecoe.es\/en\/wp-json\/wp\/v2\/pages\/1890","targetHints":{"allow":["GET"]}}],"collection":[{"href":"https:\/\/uecoe.es\/en\/wp-json\/wp\/v2\/pages"}],"about":[{"href":"https:\/\/uecoe.es\/en\/wp-json\/wp\/v2\/types\/page"}],"author":[{"embeddable":true,"href":"https:\/\/uecoe.es\/en\/wp-json\/wp\/v2\/users\/6"}],"replies":[{"embeddable":true,"href":"https:\/\/uecoe.es\/en\/wp-json\/wp\/v2\/comments?post=1890"}],"version-history":[{"count":10,"href":"https:\/\/uecoe.es\/en\/wp-json\/wp\/v2\/pages\/1890\/revisions"}],"predecessor-version":[{"id":3285,"href":"https:\/\/uecoe.es\/en\/wp-json\/wp\/v2\/pages\/1890\/revisions\/3285"}],"up":[{"embeddable":true,"href":"https:\/\/uecoe.es\/en\/wp-json\/wp\/v2\/pages\/1479"}],"wp:attachment":[{"href":"https:\/\/uecoe.es\/en\/wp-json\/wp\/v2\/media?parent=1890"}],"curies":[{"name":"wp","href":"https:\/\/api.w.org\/{rel}","templated":true}]}}