{"id":2669,"date":"2020-12-15T11:29:00","date_gmt":"2020-12-15T11:29:00","guid":{"rendered":"https:\/\/uecoe.es\/?post_type=proyectos&#038;p=2669"},"modified":"2024-04-16T08:39:08","modified_gmt":"2024-04-16T08:39:08","slug":"los-valores-de-la-responsabilidad-social-en-la-educacion","status":"publish","type":"proyectos","link":"https:\/\/uecoe.es\/en\/proyectos\/los-valores-de-la-responsabilidad-social-en-la-educacion\/","title":{"rendered":"Los valores de la Responsabilidad Social en la Educaci\u00f3n &#8211; Jornada on line 2020"},"content":{"rendered":"<p>El 15 de diciembre de 2020 celebramos la Jornada \u201cLos valores de la Responsabilidad Social en la Educaci\u00f3n\u201d la cual se desarroll\u00f3 en modalidad online. Entre sus objetivos estaban, adem\u00e1s de reforzar, impulsar y visualizar los valores de la responsabilidad social en la educaci\u00f3n y en concreto desde los centros educativos de econom\u00eda social y las cooperativas de ense\u00f1anza, generar un espacio de reflexi\u00f3n sobre c\u00f3mo se fomentan los valores de la Responsabilidad Social en la educaci\u00f3n, debatiendo sobre los nuevos desaf\u00edos en torno al modelo que garantice a nuestros j\u00f3venes una opci\u00f3n justa de futuro, que les permita desarrollar todo su potencial no solo como profesionales sino como ciudadanos responsables, comprometidos con su entorno y, sobre todo, plenamente conscientes de que los derechos humanos deben ser un derecho universal a alcanzar, favoreciendo adem\u00e1s una convivencia y resoluci\u00f3n de conflictos en el aula. Pincha&nbsp;<a href=\"https:\/\/www.dropbox.com\/s\/6yzkliy9ijuz7ja\/Jornada%20UECoE%20Valores%20de%20la%20RS%20en%20la%20Educaci%C3%B3n%20-%20Programa.pdf?dl=0\">aqu\u00ed<\/a>&nbsp;si quieres consultar el programa.<\/p>","protected":false},"featured_media":2670,"template":"","class_list":["post-2669","proyectos","type-proyectos","status-publish","has-post-thumbnail","hentry"],"_links":{"self":[{"href":"https:\/\/uecoe.es\/en\/wp-json\/wp\/v2\/proyectos\/2669","targetHints":{"allow":["GET"]}}],"collection":[{"href":"https:\/\/uecoe.es\/en\/wp-json\/wp\/v2\/proyectos"}],"about":[{"href":"https:\/\/uecoe.es\/en\/wp-json\/wp\/v2\/types\/proyectos"}],"wp:featuredmedia":[{"embeddable":true,"href":"https:\/\/uecoe.es\/en\/wp-json\/wp\/v2\/media\/2670"}],"wp:attachment":[{"href":"https:\/\/uecoe.es\/en\/wp-json\/wp\/v2\/media?parent=2669"}],"curies":[{"name":"wp","href":"https:\/\/api.w.org\/{rel}","templated":true}]}}