{"id":2683,"date":"2015-04-24T11:51:00","date_gmt":"2015-04-24T11:51:00","guid":{"rendered":"https:\/\/uecoe.es\/?post_type=proyectos&#038;p=2683"},"modified":"2024-04-16T08:58:22","modified_gmt":"2024-04-16T08:58:22","slug":"jornadas-el-reto-de-la-nueva-formacion-profesional-2","status":"publish","type":"proyectos","link":"https:\/\/uecoe.es\/en\/proyectos\/jornadas-el-reto-de-la-nueva-formacion-profesional-2\/","title":{"rendered":"Jornadas \u00abEl reto de la nueva Formaci\u00f3n Profesional\u00bb &#8211; Pamplona 2015"},"content":{"rendered":"<p>Los d\u00edas 23 y 24 de abril de 2015 se celebraron en Pamplona, organizadas por el Instituto T\u00e9cnico Cuatrovientos, S. Coop., las Jornadas de Formaci\u00f3n Profesional de la Uni\u00f3n Espa\u00f1ola de Cooperativas de Ense\u00f1anza (UECOE) bajo el lema \u201cEnred\u00e1ndonos\u201d.<\/p>\n\n\n\n<p>Su objetivo fue tratar la situaci\u00f3n actual de la Formaci\u00f3n Profesional as\u00ed como establecer un nuevo modelo de relaci\u00f3n entre los centros de FP de UECOE para compartir proyectos y experiencias, as\u00ed como intercambiar buenas pr\u00e1cticas. A lo largo de los dos d\u00edas, se presentaron diversas ponencias sobre el reto de la nueva formaci\u00f3n profesional y se desarrollaron diferente talleres de trabajo.<\/p>\n\n\n\n<p>La organizaci\u00f3n de las jornadas se enmarc\u00f3 en las actividades desarrolladas por el centro con motivo de su 30 aniversario.<\/p>\n\n\n\n<p>Accede al programa, fotos, ponentes\u2026.del evento pinchando&nbsp;<a href=\"https:\/\/www.dropbox.com\/sh\/905946m02frser1\/AABWbGVEB-FdNABr8K18iPFWa?dl=0\">aqu\u00ed<\/a><\/p>","protected":false},"featured_media":2684,"template":"","class_list":["post-2683","proyectos","type-proyectos","status-publish","has-post-thumbnail","hentry"],"_links":{"self":[{"href":"https:\/\/uecoe.es\/en\/wp-json\/wp\/v2\/proyectos\/2683","targetHints":{"allow":["GET"]}}],"collection":[{"href":"https:\/\/uecoe.es\/en\/wp-json\/wp\/v2\/proyectos"}],"about":[{"href":"https:\/\/uecoe.es\/en\/wp-json\/wp\/v2\/types\/proyectos"}],"wp:featuredmedia":[{"embeddable":true,"href":"https:\/\/uecoe.es\/en\/wp-json\/wp\/v2\/media\/2684"}],"wp:attachment":[{"href":"https:\/\/uecoe.es\/en\/wp-json\/wp\/v2\/media?parent=2683"}],"curies":[{"name":"wp","href":"https:\/\/api.w.org\/{rel}","templated":true}]}}